{"id":6647,"date":"2024-12-02T21:57:38","date_gmt":"2024-12-03T02:57:38","guid":{"rendered":"https:\/\/carlosgranadosodontologia.com\/?page_id=6647"},"modified":"2026-01-26T10:05:30","modified_gmt":"2026-01-26T15:05:30","slug":"experiencia","status":"publish","type":"page","link":"https:\/\/carlosgranadosodontologia.com\/en\/experiencia\/","title":{"rendered":"Carlos Granados' Experience"},"content":{"rendered":"<div data-elementor-type=\"wp-page\" data-elementor-id=\"6647\" class=\"elementor elementor-6647\" data-elementor-settings=\"{&quot;ha_cmc_init_switcher&quot;:&quot;no&quot;}\">\n\t\t\t\t\t\t<section class=\"elementor-section elementor-top-section elementor-element elementor-element-e1bac8b elementor-section-boxed elementor-section-height-default elementor-section-height-default\" data-id=\"e1bac8b\" data-element_type=\"section\" data-e-type=\"section\" data-settings=\"{&quot;_ha_eqh_enable&quot;:false}\">\n\t\t\t\t\t\t<div class=\"elementor-container elementor-column-gap-default\">\n\t\t\t\t\t<div class=\"elementor-column elementor-col-100 elementor-top-column elementor-element elementor-element-0bc3822\" data-id=\"0bc3822\" data-element_type=\"column\" data-e-type=\"column\">\n\t\t\t<div class=\"elementor-widget-wrap elementor-element-populated\">\n\t\t\t\t\t\t<div class=\"elementor-element elementor-element-e4b1fab elementor-widget elementor-widget-heading\" data-id=\"e4b1fab\" data-element_type=\"widget\" data-e-type=\"widget\" data-widget_type=\"heading.default\">\n\t\t\t\t<div class=\"elementor-widget-container\">\n\t\t\t\t\t<h2 class=\"elementor-heading-title elementor-size-default\">Carlos Granados<\/h2>\t\t\t\t<\/div>\n\t\t\t\t<\/div>\n\t\t\t\t\t<\/div>\n\t\t<\/div>\n\t\t\t\t\t<\/div>\n\t\t<\/section>\n\t\t\t\t<section class=\"elementor-section elementor-top-section elementor-element elementor-element-a334fa1 elementor-section-boxed elementor-section-height-default elementor-section-height-default\" data-id=\"a334fa1\" data-element_type=\"section\" data-e-type=\"section\" data-settings=\"{&quot;_ha_eqh_enable&quot;:false}\">\n\t\t\t\t\t\t<div class=\"elementor-container elementor-column-gap-default\">\n\t\t\t\t\t<div class=\"elementor-column elementor-col-50 elementor-top-column elementor-element elementor-element-4532771\" data-id=\"4532771\" data-element_type=\"column\" data-e-type=\"column\">\n\t\t\t<div class=\"elementor-widget-wrap elementor-element-populated\">\n\t\t\t\t\t\t<div class=\"elementor-element elementor-element-fea6cf3 elementor-widget elementor-widget-image\" data-id=\"fea6cf3\" data-element_type=\"widget\" data-e-type=\"widget\" data-widget_type=\"image.default\">\n\t\t\t\t<div class=\"elementor-widget-container\">\n\t\t\t\t\t\t\t\t\t\t\t\t\t\t\t<img fetchpriority=\"high\" decoding=\"async\" width=\"800\" height=\"1024\" src=\"https:\/\/carlosgranadosodontologia.com\/wp-content\/uploads\/2024\/11\/IMG_1627-scaled-e1732803046950-800x1024.jpg\" class=\"attachment-large size-large wp-image-6537\" alt=\"Carlos Granados\" srcset=\"https:\/\/carlosgranadosodontologia.com\/wp-content\/uploads\/2024\/11\/IMG_1627-scaled-e1732803046950-800x1024.jpg 800w, https:\/\/carlosgranadosodontologia.com\/wp-content\/uploads\/2024\/11\/IMG_1627-scaled-e1732803046950-234x300.jpg 234w, https:\/\/carlosgranadosodontologia.com\/wp-content\/uploads\/2024\/11\/IMG_1627-scaled-e1732803046950-117x150.jpg 117w, https:\/\/carlosgranadosodontologia.com\/wp-content\/uploads\/2024\/11\/IMG_1627-scaled-e1732803046950-768x983.jpg 768w, https:\/\/carlosgranadosodontologia.com\/wp-content\/uploads\/2024\/11\/IMG_1627-scaled-e1732803046950-1200x1536.jpg 1200w, https:\/\/carlosgranadosodontologia.com\/wp-content\/uploads\/2024\/11\/IMG_1627-scaled-e1732803046950-1600x2048.jpg 1600w, https:\/\/carlosgranadosodontologia.com\/wp-content\/uploads\/2024\/11\/IMG_1627-scaled-e1732803046950-9x12.jpg 9w, https:\/\/carlosgranadosodontologia.com\/wp-content\/uploads\/2024\/11\/IMG_1627-scaled-e1732803046950.jpg 1706w\" sizes=\"(max-width: 800px) 100vw, 800px\" title=\"\">\t\t\t\t\t\t\t\t\t\t\t\t\t\t\t<\/div>\n\t\t\t\t<\/div>\n\t\t\t\t<div class=\"elementor-element elementor-element-d50e3ec elementor-widget elementor-widget-image\" data-id=\"d50e3ec\" data-element_type=\"widget\" data-e-type=\"widget\" data-widget_type=\"image.default\">\n\t\t\t\t<div class=\"elementor-widget-container\">\n\t\t\t\t\t\t\t\t\t\t\t\t\t\t\t<img decoding=\"async\" width=\"576\" height=\"1024\" src=\"https:\/\/carlosgranadosodontologia.com\/wp-content\/uploads\/2024\/11\/JUAN-PABLO--576x1024.png\" class=\"attachment-large size-large wp-image-6482\" alt=\"Dise\u00f1o de sonrisa\" srcset=\"https:\/\/carlosgranadosodontologia.com\/wp-content\/uploads\/2024\/11\/JUAN-PABLO--576x1024.png 576w, https:\/\/carlosgranadosodontologia.com\/wp-content\/uploads\/2024\/11\/JUAN-PABLO--169x300.png 169w, https:\/\/carlosgranadosodontologia.com\/wp-content\/uploads\/2024\/11\/JUAN-PABLO--84x150.png 84w, https:\/\/carlosgranadosodontologia.com\/wp-content\/uploads\/2024\/11\/JUAN-PABLO--768x1365.png 768w, https:\/\/carlosgranadosodontologia.com\/wp-content\/uploads\/2024\/11\/JUAN-PABLO--864x1536.png 864w, https:\/\/carlosgranadosodontologia.com\/wp-content\/uploads\/2024\/11\/JUAN-PABLO-.png 1080w\" sizes=\"(max-width: 576px) 100vw, 576px\" title=\"\">\t\t\t\t\t\t\t\t\t\t\t\t\t\t\t<\/div>\n\t\t\t\t<\/div>\n\t\t\t\t<div class=\"elementor-element elementor-element-589edf1 elementor-widget elementor-widget-image\" data-id=\"589edf1\" data-element_type=\"widget\" data-e-type=\"widget\" data-widget_type=\"image.default\">\n\t\t\t\t<div class=\"elementor-widget-container\">\n\t\t\t\t\t\t\t\t\t\t\t\t\t\t\t<img decoding=\"async\" width=\"576\" height=\"1024\" src=\"https:\/\/carlosgranadosodontologia.com\/wp-content\/uploads\/2024\/11\/HUGO-576x1024.png\" class=\"attachment-large size-large wp-image-6481\" alt=\"odntologo victor hugo, dise\u00f1o de sonrisa victor hugo ruiz, clinica dental para diese\u00f1os de sonrisa\" srcset=\"https:\/\/carlosgranadosodontologia.com\/wp-content\/uploads\/2024\/11\/HUGO-576x1024.png 576w, https:\/\/carlosgranadosodontologia.com\/wp-content\/uploads\/2024\/11\/HUGO-169x300.png 169w, https:\/\/carlosgranadosodontologia.com\/wp-content\/uploads\/2024\/11\/HUGO-84x150.png 84w, https:\/\/carlosgranadosodontologia.com\/wp-content\/uploads\/2024\/11\/HUGO-768x1365.png 768w, https:\/\/carlosgranadosodontologia.com\/wp-content\/uploads\/2024\/11\/HUGO-864x1536.png 864w, https:\/\/carlosgranadosodontologia.com\/wp-content\/uploads\/2024\/11\/HUGO.png 1080w\" sizes=\"(max-width: 576px) 100vw, 576px\" title=\"\">\t\t\t\t\t\t\t\t\t\t\t\t\t\t\t<\/div>\n\t\t\t\t<\/div>\n\t\t\t\t\t<\/div>\n\t\t<\/div>\n\t\t\t\t<div class=\"elementor-column elementor-col-50 elementor-top-column elementor-element elementor-element-ab5918b\" data-id=\"ab5918b\" data-element_type=\"column\" data-e-type=\"column\">\n\t\t\t<div class=\"elementor-widget-wrap elementor-element-populated\">\n\t\t\t\t\t\t<div class=\"elementor-element elementor-element-d76e1af elementor-widget elementor-widget-text-editor\" data-id=\"d76e1af\" data-element_type=\"widget\" data-e-type=\"widget\" data-widget_type=\"text-editor.default\">\n\t\t\t\t<div class=\"elementor-widget-container\">\n\t\t\t\t\t\t\t\t\t<p dir=\"ltr\" style=\"line-height: 1.38; margin-top: 12pt; margin-bottom: 12pt;\"><span style=\"font-size: 11pt; font-family: Arial,sans-serif; color: #000000; background-color: transparent; font-weight: 400; font-style: normal; font-variant: normal; text-decoration: none; vertical-align: baseline; white-space: pre-wrap;\">Carlos Granados es el fundador y director de una de las cl\u00ednicas dentales m\u00e1s prestigiosas de Colombia, reconocida por su excelencia en est\u00e9tica dental junto con la integraci\u00f3n de m\u00e1s de cinco especialidades en un solo lugar. Con una trayectoria de m\u00e1s de 35 a\u00f1os, Carlos ha establecido un est\u00e1ndar de calidad que ha traspasado fronteras, convirti\u00e9ndose en un referente de la industria de la t\u00e9cnica dental y por ende en la odontolog\u00eda.<\/span><\/p><p dir=\"ltr\" style=\"line-height: 1.38; margin-top: 12pt; margin-bottom: 12pt;\"><span style=\"font-size: 11pt; font-family: Arial,sans-serif; color: #000000; background-color: transparent; font-weight: 400; font-style: normal; font-variant: normal; text-decoration: none; vertical-align: baseline; white-space: pre-wrap;\">Como conferencista nacional e internacional, su experiencia y visi\u00f3n han transformado la vida de miles de pacientes, incluyendo empresarios, reinas de belleza, celebridades y figuras p\u00fablicas. Entre sus pacientes m\u00e1s destacados se encuentran <\/span><span style=\"font-size: 11pt; font-family: Arial,sans-serif; color: #000000; background-color: transparent; font-weight: bold; font-style: normal; font-variant: normal; text-decoration: none; vertical-align: baseline; white-space: pre-wrap;\">Geyseell Garc\u00eda<\/span><span style=\"font-size: 11pt; font-family: Arial,sans-serif; color: #000000; background-color: transparent; font-weight: 400; font-style: normal; font-variant: normal; text-decoration: none; vertical-align: baseline; white-space: pre-wrap;\">, Miss Universo Nicaragua 2024; <\/span><span style=\"font-size: 11pt; font-family: Arial,sans-serif; color: #000000; background-color: transparent; font-weight: bold; font-style: normal; font-variant: normal; text-decoration: none; vertical-align: baseline; white-space: pre-wrap;\">V\u00edctor Hugo Ruiz<\/span><span style=\"font-size: 11pt; font-family: Arial,sans-serif; color: #000000; background-color: transparent; font-weight: 400; font-style: normal; font-variant: normal; text-decoration: none; vertical-align: baseline; white-space: pre-wrap;\">, productor de cine y teatro;\u00a0 <\/span><span style=\"font-size: 11pt; font-family: Arial,sans-serif; color: #000000; background-color: transparent; font-weight: bold; font-style: normal; font-variant: normal; text-decoration: none; vertical-align: baseline; white-space: pre-wrap;\">Juan Pablo Barrag\u00e1n y Tata Ariza <\/span><span style=\"font-size: 11pt; font-family: Arial,sans-serif; color: #000000; background-color: transparent; font-weight: 400; font-style: normal; font-variant: normal; text-decoration: none; vertical-align: baseline; white-space: pre-wrap;\">actores de renombre en Colombia.<\/span><\/p><p dir=\"ltr\" style=\"line-height: 1.38; margin-top: 12pt; margin-bottom: 12pt;\"><span style=\"font-size: 11pt; font-family: Arial,sans-serif; color: #000000; background-color: transparent; font-weight: 400; font-style: normal; font-variant: normal; text-decoration: none; vertical-align: baseline; white-space: pre-wrap;\">La Organizaci\u00f3n Carlos Granados no solo es un s\u00edmbolo de excelencia en Colombia, sino tambi\u00e9n un destino dental para pacientes internacionales que buscan resultados impecables y personalizados en est\u00e9tica dental.<\/span><\/p><p dir=\"ltr\" style=\"line-height: 1.38; margin-top: 12pt; margin-bottom: 12pt;\"><span style=\"font-size: 11pt; font-family: Arial,sans-serif; color: #000000; background-color: transparent; font-weight: 400; font-style: normal; font-variant: normal; text-decoration: none; vertical-align: baseline; white-space: pre-wrap;\">Gracias a su pasi\u00f3n por este arte, Carlos Granados ha perfeccionado el dominio de herramientas avanzadas como CAD\/CAM, biomateriales y t\u00e9cnicas modernas en sus\u00a0 laboratorios dentales. Su compromiso con la innovaci\u00f3n y la excelencia lo llev\u00f3 a formarse en prestigiosas instituciones internacionales, como la Universidad de New York y Vita Zahnfabrik en Alemania, Bego y Sirona, consolid\u00e1ndose como un referente en la industria.<\/span><\/p><h3 dir=\"ltr\" style=\"line-height: 1.38; margin-top: 14pt; margin-bottom: 4pt;\"><span style=\"font-size: 13pt; font-family: Arial,sans-serif; color: #000000; background-color: transparent; font-weight: bold; font-style: normal; font-variant: normal; text-decoration: none; vertical-align: baseline; white-space: pre-wrap;\">Trayectoria Profesional y Acad\u00e9mica<\/span><\/h3><ul style=\"margin-top: 0; margin-bottom: 0; padding-inline-start: 48px;\"><li dir=\"ltr\" style=\"list-style-type: disc; font-size: 11pt; font-family: Arial,sans-serif; color: #000000; background-color: transparent; font-weight: 400; font-style: normal; font-variant: normal; text-decoration: none; vertical-align: baseline; white-space: pre;\" aria-level=\"1\"><p dir=\"ltr\" style=\"line-height: 1.38; margin-top: 12pt; margin-bottom: 0pt;\" role=\"presentation\"><span style=\"font-size: 11pt; font-family: Arial,sans-serif; color: #000000; background-color: transparent; font-weight: bold; font-style: normal; font-variant: normal; text-decoration: none; vertical-align: baseline; white-space: pre-wrap;\">Director General<\/span><span style=\"font-size: 11pt; font-family: Arial,sans-serif; color: #000000; background-color: transparent; font-weight: 400; font-style: normal; font-variant: normal; text-decoration: none; vertical-align: baseline; white-space: pre-wrap;\"> en Estetic Dent Laboratorio (1993\u2013Actual), donde lidera\u00a0 procesos de transformaci\u00f3n est\u00e9tica con tecnolog\u00eda Alemana..<\/span><\/p><\/li><li dir=\"ltr\" style=\"list-style-type: disc; font-size: 11pt; font-family: Arial,sans-serif; color: #000000; background-color: transparent; font-weight: 400; font-style: normal; font-variant: normal; text-decoration: none; vertical-align: baseline; white-space: pre;\" aria-level=\"1\"><p dir=\"ltr\" style=\"line-height: 1.38; margin-top: 0pt; margin-bottom: 0pt;\" role=\"presentation\"><span style=\"font-size: 11pt; font-family: Arial,sans-serif; color: #000000; background-color: transparent; font-weight: bold; font-style: normal; font-variant: normal; text-decoration: none; vertical-align: baseline; white-space: pre-wrap;\">Docente e instructor<\/span><span style=\"font-size: 11pt; font-family: Arial,sans-serif; color: #000000; background-color: transparent; font-weight: 400; font-style: normal; font-variant: normal; text-decoration: none; vertical-align: baseline; white-space: pre-wrap;\"> en universidades de prestigio como El Bosque, CES de Medell\u00edn y Javeriana, enfoc\u00e1ndose en \u00e1reas de prostodoncia y est\u00e9tica dental.<\/span><\/p><\/li><li dir=\"ltr\" style=\"list-style-type: disc; font-size: 11pt; font-family: Arial,sans-serif; color: #000000; background-color: transparent; font-weight: 400; font-style: normal; font-variant: normal; text-decoration: none; vertical-align: baseline; white-space: pre;\" aria-level=\"1\"><p dir=\"ltr\" style=\"line-height: 1.38; margin-top: 0pt; margin-bottom: 0pt;\" role=\"presentation\"><span style=\"font-size: 11pt; font-family: Arial,sans-serif; color: #000000; background-color: transparent; font-weight: bold; font-style: normal; font-variant: normal; text-decoration: none; vertical-align: baseline; white-space: pre-wrap;\">Asesor internacional<\/span><span style=\"font-size: 11pt; font-family: Arial,sans-serif; color: #000000; background-color: transparent; font-weight: 400; font-style: normal; font-variant: normal; text-decoration: none; vertical-align: baseline; white-space: pre-wrap;\"> para marcas l\u00edderes como Sirona y Vita Zahnfabrik, posicion\u00e1ndose como referente en la tecnolog\u00eda dental.<\/span><\/p><\/li><li dir=\"ltr\" style=\"list-style-type: disc; font-size: 11pt; font-family: Arial,sans-serif; color: #000000; background-color: transparent; font-weight: 400; font-style: normal; font-variant: normal; text-decoration: none; vertical-align: baseline; white-space: pre;\" aria-level=\"1\"><p dir=\"ltr\" style=\"line-height: 1.38; margin-top: 0pt; margin-bottom: 12pt;\" role=\"presentation\"><span style=\"font-size: 11pt; font-family: Arial,sans-serif; color: #000000; background-color: transparent; font-weight: bold; font-style: normal; font-variant: normal; text-decoration: none; vertical-align: baseline; white-space: pre-wrap;\">Conferencista de talla internacional<\/span><span style=\"font-size: 11pt; font-family: Arial,sans-serif; color: #000000; background-color: transparent; font-weight: 400; font-style: normal; font-variant: normal; text-decoration: none; vertical-align: baseline; white-space: pre-wrap;\">, participando en el congreso Global Soce Digital 2024 en Espa\u00f1a.<\/span><\/p><\/li><\/ul><h3 dir=\"ltr\" style=\"line-height: 1.38; margin-top: 14pt; margin-bottom: 4pt;\"><span style=\"font-size: 13pt; font-family: Arial,sans-serif; color: #000000; background-color: transparent; font-weight: bold; font-style: normal; font-variant: normal; text-decoration: none; vertical-align: baseline; white-space: pre-wrap;\">Compromiso con la Educaci\u00f3n y el Futuro de la Odontolog\u00eda<\/span><\/h3><p dir=\"ltr\" style=\"line-height: 1.38; margin-top: 12pt; margin-bottom: 12pt;\"><span style=\"font-size: 11pt; font-family: Arial,sans-serif; color: #000000; background-color: transparent; font-weight: 400; font-style: normal; font-variant: normal; text-decoration: none; vertical-align: baseline; white-space: pre-wrap;\">Actualmente, Carlos ha transformado la industria dental en Colombia a trav\u00e9s de la capacitaci\u00f3n en dise\u00f1o de sonrisas y t\u00e9cnicas de laboratorio dental digital. Su programa educativo ha permitido que m\u00e1s de 1.000 estudiantes, t\u00e9cnicos dentales y odont\u00f3logos desarrollen habilidades de alta calidad, cumpliendo con los est\u00e1ndares m\u00e1s exigentes a nivel internacional.<\/span><\/p><p dir=\"ltr\" style=\"line-height: 1.38; margin-top: 12pt; margin-bottom: 12pt;\"><span style=\"font-size: 11pt; font-family: Arial,sans-serif; color: #000000; background-color: transparent; font-weight: 400; font-style: normal; font-variant: normal; text-decoration: none; vertical-align: baseline; white-space: pre-wrap;\">Enfocado en la formaci\u00f3n en mec\u00e1nica dental, ha impulsado a muchos profesionales a alcanzar el \u00e9xito, ya sea creando sus propias empresas en Colombia o destac\u00e1ndose en el extranjero. Su dedicaci\u00f3n a la educaci\u00f3n y la innovaci\u00f3n contin\u00faa fortaleciendo el talento colombiano en el sector dental.<\/span><\/p><p><b id=\"docs-internal-guid-622c3eb5-7fff-d3b5-ca49-c3fa4df0baf4\" style=\"font-weight: normal;\">\u00a0<\/b><\/p><p dir=\"ltr\" style=\"line-height: 1.38; margin-top: 12pt; margin-bottom: 12pt;\"><span style=\"font-size: 13pt; font-family: Arial,sans-serif; color: #000000; background-color: transparent; font-weight: bold; font-style: normal; font-variant: normal; text-decoration: none; vertical-align: baseline; white-space: pre-wrap;\">Reconocimientos y Afiliaciones<\/span><\/p><ul style=\"margin-top: 0; margin-bottom: 0; padding-inline-start: 48px;\"><li dir=\"ltr\" style=\"list-style-type: disc; font-size: 11pt; font-family: Arial,sans-serif; color: #000000; background-color: transparent; font-weight: 400; font-style: normal; font-variant: normal; text-decoration: none; vertical-align: baseline; white-space: pre;\" aria-level=\"1\"><p dir=\"ltr\" style=\"line-height: 1.38; margin-top: 12pt; margin-bottom: 0pt;\" role=\"presentation\"><span style=\"font-size: 11pt; font-family: Arial,sans-serif; color: #000000; background-color: transparent; font-weight: 400; font-style: normal; font-variant: normal; text-decoration: none; vertical-align: baseline; white-space: pre-wrap;\">Miembro activo de la <\/span><span style=\"font-size: 11pt; font-family: Arial,sans-serif; color: #000000; background-color: transparent; font-weight: bold; font-style: normal; font-variant: normal; text-decoration: none; vertical-align: baseline; white-space: pre-wrap;\">American Academy of Implant Dentistry<\/span><span style=\"font-size: 11pt; font-family: Arial,sans-serif; color: #000000; background-color: transparent; font-weight: 400; font-style: normal; font-variant: normal; text-decoration: none; vertical-align: baseline; white-space: pre-wrap;\">, una de las asociaciones m\u00e1s influyentes en implantolog\u00eda.<\/span><\/p><\/li><li dir=\"ltr\" style=\"list-style-type: disc; font-size: 11pt; font-family: Arial,sans-serif; color: #000000; background-color: transparent; font-weight: 400; font-style: normal; font-variant: normal; text-decoration: none; vertical-align: baseline; white-space: pre;\" aria-level=\"1\"><p dir=\"ltr\" style=\"line-height: 1.38; margin-top: 0pt; margin-bottom: 0pt;\" role=\"presentation\"><span style=\"font-size: 11pt; font-family: Arial,sans-serif; color: #000000; background-color: transparent; font-weight: 400; font-style: normal; font-variant: normal; text-decoration: none; vertical-align: baseline; white-space: pre-wrap;\">Integrante del grupo <\/span><span style=\"font-size: 11pt; font-family: Arial,sans-serif; color: #000000; background-color: transparent; font-weight: bold; font-style: normal; font-variant: normal; text-decoration: none; vertical-align: baseline; white-space: pre-wrap;\">Art and Experience Basel<\/span><span style=\"font-size: 11pt; font-family: Arial,sans-serif; color: #000000; background-color: transparent; font-weight: 400; font-style: normal; font-variant: normal; text-decoration: none; vertical-align: baseline; white-space: pre-wrap;\"> (Suiza), destacado por promover la excelencia art\u00edstica en la odontolog\u00eda.<\/span><\/p><\/li><li dir=\"ltr\" style=\"list-style-type: disc; font-size: 11pt; font-family: Arial,sans-serif; color: #000000; background-color: transparent; font-weight: 400; font-style: normal; font-variant: normal; text-decoration: none; vertical-align: baseline; white-space: pre;\" aria-level=\"1\"><p dir=\"ltr\" style=\"line-height: 1.38; margin-top: 0pt; margin-bottom: 0pt;\" role=\"presentation\"><span style=\"font-size: 11pt; font-family: Arial,sans-serif; color: #000000; background-color: transparent; font-weight: 400; font-style: normal; font-variant: normal; text-decoration: none; vertical-align: baseline; white-space: pre-wrap;\">Reconocido organizador de congresos internacionales, como el primer Congreso de Odontolog\u00eda Rob\u00f3tica en Colombia.<\/span><\/p><\/li><li dir=\"ltr\" style=\"list-style-type: disc; font-size: 11pt; font-family: Arial,sans-serif; color: #000000; background-color: transparent; font-weight: 400; font-style: normal; font-variant: normal; text-decoration: none; vertical-align: baseline; white-space: pre;\" aria-level=\"1\"><p dir=\"ltr\" style=\"line-height: 1.38; margin-top: 0pt; margin-bottom: 12pt;\" role=\"presentation\"><span style=\"font-size: 11pt; font-family: Arial,sans-serif; color: #000000; background-color: transparent; font-weight: 400; font-style: normal; font-variant: normal; text-decoration: none; vertical-align: baseline; white-space: pre-wrap;\">Alianza estrat\u00e9gica por m\u00e1s de 6 a\u00f1os con <\/span><span style=\"font-size: 11pt; font-family: Arial,sans-serif; color: #000000; background-color: transparent; font-weight: bold; font-style: normal; font-variant: normal; text-decoration: none; vertical-align: baseline; white-space: pre-wrap;\">Miss Universo<\/span><span style=\"font-size: 11pt; font-family: Arial,sans-serif; color: #000000; background-color: transparent; font-weight: 400; font-style: normal; font-variant: normal; text-decoration: none; vertical-align: baseline; white-space: pre-wrap;\">, ofreciendo servicios de dise\u00f1o de sonrisa a las reinas de belleza m\u00e1s destacadas del mundo. Entre ellas: <\/span><span style=\"font-size: 11pt; font-family: Arial,sans-serif; color: #000000; background-color: transparent; font-weight: bold; font-style: normal; font-variant: normal; text-decoration: none; vertical-align: baseline; white-space: pre-wrap;\">Geyseell Garc\u00eda<\/span><span style=\"font-size: 11pt; font-family: Arial,sans-serif; color: #000000; background-color: transparent; font-weight: 400; font-style: normal; font-variant: normal; text-decoration: none; vertical-align: baseline; white-space: pre-wrap;\">, Miss Universo Nicaragua 2024 y\u00a0 <\/span><span style=\"font-size: 11pt; font-family: Arial,sans-serif; color: #000000; background-color: transparent; font-weight: bold; font-style: normal; font-variant: normal; text-decoration: none; vertical-align: baseline; white-space: pre-wrap;\">Madison Kvaltin, <\/span><span style=\"font-size: 11pt; font-family: Arial,sans-serif; color: #000000; background-color: transparent; font-weight: 400; font-style: normal; font-variant: normal; text-decoration: none; vertical-align: baseline; white-space: pre-wrap;\">Miss Canad\u00e1 2023.<\/span><\/p><\/li><\/ul><h3 dir=\"ltr\" style=\"line-height: 1.38; margin-top: 14pt; margin-bottom: 4pt;\"><span style=\"font-size: 13pt; font-family: Arial,sans-serif; color: #000000; background-color: transparent; font-weight: bold; font-style: normal; font-variant: normal; text-decoration: none; vertical-align: baseline; white-space: pre-wrap;\">Liderazgo en Est\u00e9tica Dental<\/span><\/h3><p dir=\"ltr\" style=\"line-height: 1.38; margin-top: 12pt; margin-bottom: 12pt;\"><span style=\"font-size: 11pt; font-family: Arial,sans-serif; color: #000000; background-color: transparent; font-weight: 400; font-style: normal; font-variant: normal; text-decoration: none; vertical-align: baseline; white-space: pre-wrap;\">Carlos Granados ha sido pionero en integrar arte y tecnolog\u00eda (IA) para crear dise\u00f1os de sonrisa\u00a0 personalizados. Su cl\u00ednica es clave y muy importante a nivel global, atrayendo pacientes que buscan resultados impecables y transformadores en un entorno de m\u00e1xima calidad.<\/span><\/p><p dir=\"ltr\" style=\"line-height: 1.38; margin-top: 12pt; margin-bottom: 12pt;\"><span style=\"font-size: 11pt; font-family: Arial,sans-serif; color: #000000; background-color: transparent; font-weight: 400; font-style: normal; font-variant: normal; text-decoration: none; vertical-align: baseline; white-space: pre-wrap;\">Si deseas transformar tu sonrisa con un profesional que combine experiencia, innovaci\u00f3n y una atenci\u00f3n excepcional, <\/span><span style=\"font-size: 11pt; font-family: Arial,sans-serif; color: #000000; background-color: transparent; font-weight: bold; font-style: normal; font-variant: normal; text-decoration: none; vertical-align: baseline; white-space: pre-wrap;\">Carlos Granados<\/span><span style=\"font-size: 11pt; font-family: Arial,sans-serif; color: #000000; background-color: transparent; font-weight: 400; font-style: normal; font-variant: normal; text-decoration: none; vertical-align: baseline; white-space: pre-wrap;\"> es la elecci\u00f3n ideal.<\/span><\/p><p dir=\"ltr\" style=\"line-height: 1.38; margin-top: 12pt; margin-bottom: 12pt;\"><span style=\"font-size: 11pt; font-family: Arial,sans-serif; color: #000000; background-color: transparent; font-weight: 400; font-style: normal; font-variant: normal; text-decoration: none; vertical-align: baseline; white-space: pre-wrap;\">\u00a1Tu sonrisa es nuestro arte!<\/span><\/p><p>\u00a0<\/p>\t\t\t\t\t\t\t\t<\/div>\n\t\t\t\t<\/div>\n\t\t\t\t\t<\/div>\n\t\t<\/div>\n\t\t\t\t\t<\/div>\n\t\t<\/section>\n\t\t\t\t<section class=\"elementor-section elementor-top-section elementor-element elementor-element-542dde2 elementor-section-boxed elementor-section-height-default elementor-section-height-default\" data-id=\"542dde2\" data-element_type=\"section\" data-e-type=\"section\" data-settings=\"{&quot;_ha_eqh_enable&quot;:false}\">\n\t\t\t\t\t\t<div class=\"elementor-container elementor-column-gap-default\">\n\t\t\t\t\t<div class=\"elementor-column elementor-col-100 elementor-top-column elementor-element elementor-element-5ec05e4\" data-id=\"5ec05e4\" data-element_type=\"column\" data-e-type=\"column\">\n\t\t\t<div class=\"elementor-widget-wrap\">\n\t\t\t\t\t\t\t<\/div>\n\t\t<\/div>\n\t\t\t\t\t<\/div>\n\t\t<\/section>\n\t\t\t\t<\/div>","protected":false},"excerpt":{"rendered":"<p>Carlos Granados Carlos Granados es el fundador y director de una de las cl\u00ednicas dentales m\u00e1s prestigiosas de Colombia, reconocida por su excelencia en est\u00e9tica dental junto con la integraci\u00f3n de m\u00e1s de cinco especialidades en un solo lugar. Con una trayectoria de m\u00e1s de 35 a\u00f1os, Carlos ha establecido un est\u00e1ndar de calidad que [&hellip;]<\/p>\n","protected":false},"author":2,"featured_media":0,"parent":0,"menu_order":0,"comment_status":"closed","ping_status":"closed","template":"","meta":{"footnotes":""},"class_list":["post-6647","page","type-page","status-publish","hentry"],"_links":{"self":[{"href":"https:\/\/carlosgranadosodontologia.com\/en\/wp-json\/wp\/v2\/pages\/6647","targetHints":{"allow":["GET"]}}],"collection":[{"href":"https:\/\/carlosgranadosodontologia.com\/en\/wp-json\/wp\/v2\/pages"}],"about":[{"href":"https:\/\/carlosgranadosodontologia.com\/en\/wp-json\/wp\/v2\/types\/page"}],"author":[{"embeddable":true,"href":"https:\/\/carlosgranadosodontologia.com\/en\/wp-json\/wp\/v2\/users\/2"}],"replies":[{"embeddable":true,"href":"https:\/\/carlosgranadosodontologia.com\/en\/wp-json\/wp\/v2\/comments?post=6647"}],"version-history":[{"count":12,"href":"https:\/\/carlosgranadosodontologia.com\/en\/wp-json\/wp\/v2\/pages\/6647\/revisions"}],"predecessor-version":[{"id":7029,"href":"https:\/\/carlosgranadosodontologia.com\/en\/wp-json\/wp\/v2\/pages\/6647\/revisions\/7029"}],"wp:attachment":[{"href":"https:\/\/carlosgranadosodontologia.com\/en\/wp-json\/wp\/v2\/media?parent=6647"}],"curies":[{"name":"wp","href":"https:\/\/api.w.org\/{rel}","templated":true}]}}